{"id":716,"date":"2023-04-03T10:39:50","date_gmt":"2023-04-03T09:39:50","guid":{"rendered":"https:\/\/burgen-manderscheid.de\/?post_type=tribe_events&#038;p=716"},"modified":"2023-08-10T12:47:30","modified_gmt":"2023-08-10T11:47:30","slug":"historisches-burgenfest-manderscheid-2023","status":"publish","type":"tribe_events","link":"https:\/\/burgen-manderscheid.de\/?tribe_events=historisches-burgenfest-manderscheid-2023","title":{"rendered":"Historisches Burgenfest Manderscheid 2023"},"content":{"rendered":"<div  class=\"tribe-events-schedule tribe-clearfix\" >\n\t<p class=\"tribe-events-schedule__datetime\">\n\t\t<span class=\"tribe-events-schedule__date tribe-events-schedule__date--start\">\n\t\t\t26.08.2023\t\t<\/span>\n\n\t\t\t\t\t<span class=\"tribe-events-schedule__separator tribe-events-schedule__separator--date\">\n\t\t\t\t &#8211;\t\t\t<\/span>\n\t\t\t<span class=\"tribe-events-schedule__time tribe-events-schedule__time--start\">\n\t\t\t\t10:00\t\t\t<\/span>\n\t\t\n\t\t\t\t\t\t\t\t\t<span class=\"tribe-events-schedule__separator tribe-events-schedule__separator--time\">\n\t\t\t\t\t &#8211; \t\t\t\t<\/span>\n\t\t\t\n\t\t\t\t\t\t\t<span class=\"tribe-events-schedule__date tribe-events-schedule__date--end\">\n\t\t\t\t\t27.08.2023\t\t\t\t<\/span>\n\n\t\t\t\t\t\t\t\t\t<span class=\"tribe-events-schedule__separator tribe-events-schedule__separator--date\">\n\t\t\t\t\t\t &#8211;\t\t\t\t\t<\/span>\n\t\t\t\t\t<span class=\"tribe-events-schedule__time tribe-events-schedule__time--end\">\n\t\t\t\t\t\t21:00\t\t\t\t\t<\/span>\n\t\t\t\t\n\t\t\t\n\t\t\t\t\t\t<\/p>\n<\/div>\n\n\n\n<p>Endlich ist es wieder so weit:  am 26. und 27. August erwacht das Mittelalter in Manderscheid zum Leben.<\/p>\n\n\n\n<p>Das gro\u00dfe Ritterturnier, Gaukler und Spielleute, ein reichhaltiges Kinderprogramm, die Niederburg in Flammen, Tavernenspektakel, Handwerkermarkt, das gro\u00dfe Ritterlager und zum kr\u00f6nenden Abschluss der gro\u00dfe Zapfenstreich locken schon seit Jahren Gro\u00df und Klein auf die Niederburg und die Turnierwiese.<\/p>\n\n\n\n<figure class=\"wp-block-table\"><table><tbody><tr><td><strong>Wegezoll 2023\u2005\/\u2005Familienfreundliche Eintrittspreise<\/strong><\/td><\/tr><tr><td>entnehmen Sie bitte dem <a href=\"https:\/\/burgen-manderscheid.de\/wp-content\/uploads\/2023_07_02_BV_Programm_2023.pdf\">Programm<\/a><\/td><td><\/td><\/tr><\/tbody><\/table><\/figure>\n\n\n\n<p><strong>Kostenloser Bustransfer und kostenfreier Park<\/strong><strong>\u2005<\/strong><strong>&amp;<\/strong><strong>\u2005<\/strong><strong>Ride<\/strong><strong> Service<\/strong><\/p>\n\n\n\n<ul class=\"wp-block-list\">\n<li>Geb\u00fchrenpflichtiges Parken innerhalb Manderscheids und auf den<br>ausgewiesenen Parkpl\u00e4tzen am Ortsrand von Pantenburg<\/li>\n\n\n\n<li>kostenloser Bustransfer zur Niederburg mit Turnierplatz und zur\u00fcck<\/li>\n\n\n\n<li>Abfahrt der Busse: alle 15 Minuten<\/li>\n\n\n\n<li>Samstag von 10.00 Uhr bis 1.00 Uhr<\/li>\n\n\n\n<li>Sonntag von 9.30 Uhr bis 21.00 Uhr<\/li>\n<\/ul>\n\n\n\n<p>Das Programm zur Veranstaltung finden Sie hier: <a href=\"https:\/\/burgen-manderscheid.de\/wp-content\/uploads\/2023_07_02_BV_Programm_2023.pdf\">Programm-Burgenfest <\/a><\/p>\n\n\n\n<figure class=\"wp-block-image size-large\"><img loading=\"lazy\" decoding=\"async\" width=\"717\" height=\"1024\" src=\"https:\/\/burgen-manderscheid.de\/wp-content\/uploads\/2023_07_02_BV_Burgenfest_Plakat_oA-717x1024.png\" alt=\"\" class=\"wp-image-725\" srcset=\"https:\/\/burgen-manderscheid.de\/wp-content\/uploads\/2023_07_02_BV_Burgenfest_Plakat_oA-717x1024.png 717w, https:\/\/burgen-manderscheid.de\/wp-content\/uploads\/2023_07_02_BV_Burgenfest_Plakat_oA-210x300.png 210w, https:\/\/burgen-manderscheid.de\/wp-content\/uploads\/2023_07_02_BV_Burgenfest_Plakat_oA-768x1097.png 768w, https:\/\/burgen-manderscheid.de\/wp-content\/uploads\/2023_07_02_BV_Burgenfest_Plakat_oA-1075x1536.png 1075w, https:\/\/burgen-manderscheid.de\/wp-content\/uploads\/2023_07_02_BV_Burgenfest_Plakat_oA.png 1170w\" sizes=\"auto, (max-width: 717px) 100vw, 717px\" \/><\/figure>\n\n\n<div  class=\"tribe-block tribe-block__event-price\" >\n\t\t<\/div>\n\n\n\n\n<div  class=\"tribe-block tribe-block__venue tribe-clearfix\" >\n\t\n\t\t\n\t<\/div>\n\n\n\n\n\t<div  class=\"tribe-block tribe-block__events-link\" >\n\t\t<div class=\"tribe-events tribe-common\">\n\t\t\t<div class=\"tribe-events-c-subscribe-dropdown__container\">\n\t\t\t\t<div class=\"tribe-events-c-subscribe-dropdown\">\n\t\t\t\t\t<div class=\"tribe-common-c-btn-border tribe-events-c-subscribe-dropdown__button\">\n\t\t\t\t\t\t<svg\n\t class=\"tribe-common-c-svgicon tribe-common-c-svgicon--cal-export tribe-events-c-subscribe-dropdown__export-icon\" \taria-hidden=\"true\"\n\tviewBox=\"0 0 23 17\"\n\txmlns=\"http:\/\/www.w3.org\/2000\/svg\"\n>\n\t<path fill-rule=\"evenodd\" clip-rule=\"evenodd\" d=\"M.128.896V16.13c0 .211.145.383.323.383h15.354c.179 0 .323-.172.323-.383V.896c0-.212-.144-.383-.323-.383H.451C.273.513.128.684.128.896Zm16 6.742h-.901V4.679H1.009v10.729h14.218v-3.336h.901V7.638ZM1.01 1.614h14.218v2.058H1.009V1.614Z\" \/>\n\t<path d=\"M20.5 9.846H8.312M18.524 6.953l2.89 2.909-2.855 2.855\" stroke-width=\"1.2\" stroke-linecap=\"round\" stroke-linejoin=\"round\"\/>\n<\/svg>\n\t\t\t\t\t\t<button\n\t\t\t\t\t\t\tclass=\"tribe-events-c-subscribe-dropdown__button-text\"\n\t\t\t\t\t\t\taria-expanded=\"false\"\n\t\t\t\t\t\t\taria-controls=\"tribe-events-subscribe-dropdown-content\"\n\t\t\t\t\t\t\taria-label=\"Zeige Links an um Veranstaltungen zu deinem Kalender hinzuzuf\u00fcgen\"\n\t\t\t\t\t\t>\n\t\t\t\t\t\t\tZum Kalender hinzuf\u00fcgen\t\t\t\t\t\t<\/button>\n\t\t\t\t\t\t<svg\n\t class=\"tribe-common-c-svgicon tribe-common-c-svgicon--caret-down tribe-events-c-subscribe-dropdown__button-icon\" \taria-hidden=\"true\"\n\tviewBox=\"0 0 10 7\"\n\txmlns=\"http:\/\/www.w3.org\/2000\/svg\"\n>\n\t<path fill-rule=\"evenodd\" clip-rule=\"evenodd\" d=\"M1.008.609L5 4.6 8.992.61l.958.958L5 6.517.05 1.566l.958-.958z\" class=\"tribe-common-c-svgicon__svg-fill\"\/>\n<\/svg>\n\t\t\t\t\t<\/div>\n\t\t\t\t\t<div id=\"tribe-events-subscribe-dropdown-content\" class=\"tribe-events-c-subscribe-dropdown__content\">\n\t\t\t\t\t\t<ul class=\"tribe-events-c-subscribe-dropdown__list\">\n\t\t\t\t\t\t\t\t\t\t\t\t\t\t\t<li class=\"tribe-events-c-subscribe-dropdown__list-item tribe-events-c-subscribe-dropdown__list-item--gcal\">\n\t\t\t\t\t\t\t\t\t<a\n\t\t\t\t\t\t\t\t\t\thref=\"https:\/\/www.google.com\/calendar\/event?action=TEMPLATE&#038;dates=20230826T100000\/20230827T210000&#038;text=Historisches%20Burgenfest%20Manderscheid%202023&#038;details=%3Cp%3EEndlich+ist+es+wieder+so+weit%3A++am+26.+und+27.+August+erwacht+das+Mittelalter+in+Manderscheid+zum+Leben.%3C%2Fp%3E+%3Cp%3EDas+gro%C3%9Fe+Ritterturnier%2C+Gaukler+und+Spielleute%2C+ein+reichhaltiges+Kinderprogramm%2C+die+Niederburg+in+Flammen%2C+Tavernenspektakel%2C+Handwerkermarkt%2C+das+gro%C3%9Fe+Ritterlager+und+zum+kr%C3%B6nenden+Abschluss+der+gro%C3%9Fe+Zapfenstreich+locken+schon+seit+Jahren+Gro%C3%9F+und+Klein+auf+die+Niederburg+und+die+Turnierwiese.%3C%2Fp%3E+%3Cfigure+class%3D%22wp-block-table%22%3E%3Ctable%3E%3Ctbody%3E%3Ctr%3E%3Ctd%3E%3Cstrong%3EWegezoll+2023%E2%80%85%2F%E2%80%85Familienfreundliche+Eintrittspreise%3C%2Fstrong%3E%3C%2Ftd%3E%3C%2Ftr%3E%3Ctr%3E%3Ctd%3Eentnehmen+Sie+bitte+dem+%3Ca+href%3D%22https%3A%2F%2Fburgen-manderscheid.de%2Fwp-content%2Fuploads%2F2023_07_02_BV_Programm_2023.pdf%22%3EProgramm%3C%2Fa%3E%3C%2Ftd%3E%3Ctd%3E%3C%2Ftd%3E%3C%2Ftr%3E%3C%2Ftbody%3E%3C%2Ftable%3E%3C%2Ffigure%3E%3Cp%3E%3Cstrong%3EKostenloser+Bustransfer+und+kostenfreier+Park%3C%2Fstrong%3E%3Cstrong%3E%E2%80%85%3C%2Fstrong%3E%3Cstrong%3E%26amp%3B%3C%2Fstrong%3E%3Cstrong%3E%E2%80%85%3C%2Fstrong%3E%3Cstrong%3ERide%3C%2Fstrong%3E%3Cstrong%3E+Service%3C%2Fstrong%3E%3C%2Fp%3E+%3Cul%3E%3Cli%3EGeb%C3%BChrenpflichtiges+Parken+innerhalb+Manderscheid%3C%2Fli%3E%3C%2Ful%3E+%28Zeige+vollst%C3%A4ndige+Veranstaltung-Beschreibung+hier+an%3A+https%3A%2F%2Fburgen-manderscheid.de%2F%3Ftribe_events%3Dhistorisches-burgenfest-manderscheid-2023%29&#038;trp=false&#038;ctz=Europe\/Paris&#038;sprop=website:https:\/\/burgen-manderscheid.de\"\n\t\t\t\t\t\t\t\t\t\tclass=\"tribe-events-c-subscribe-dropdown__list-item-link\"\n\t\t\t\t\t\t\t\t\t\ttarget=\"_blank\"\n\t\t\t\t\t\t\t\t\t\trel=\"noopener noreferrer nofollow noindex\"\n\t\t\t\t\t\t\t\t\t>\n\t\t\t\t\t\t\t\t\t\tGoogle Kalender\t\t\t\t\t\t\t\t\t<\/a>\n\t\t\t\t\t\t\t\t<\/li>\n\t\t\t\t\t\t\t\t\t\t\t\t\t\t\t<li class=\"tribe-events-c-subscribe-dropdown__list-item tribe-events-c-subscribe-dropdown__list-item--ical\">\n\t\t\t\t\t\t\t\t\t<a\n\t\t\t\t\t\t\t\t\t\thref=\"\"\n\t\t\t\t\t\t\t\t\t\tclass=\"tribe-events-c-subscribe-dropdown__list-item-link\"\n\t\t\t\t\t\t\t\t\t\ttarget=\"_blank\"\n\t\t\t\t\t\t\t\t\t\trel=\"noopener noreferrer nofollow noindex\"\n\t\t\t\t\t\t\t\t\t>\n\t\t\t\t\t\t\t\t\t\tiCalendar\t\t\t\t\t\t\t\t\t<\/a>\n\t\t\t\t\t\t\t\t<\/li>\n\t\t\t\t\t\t\t\t\t\t\t\t\t\t\t<li class=\"tribe-events-c-subscribe-dropdown__list-item tribe-events-c-subscribe-dropdown__list-item--outlook-365\">\n\t\t\t\t\t\t\t\t\t<a\n\t\t\t\t\t\t\t\t\t\thref=\"\"\n\t\t\t\t\t\t\t\t\t\tclass=\"tribe-events-c-subscribe-dropdown__list-item-link\"\n\t\t\t\t\t\t\t\t\t\ttarget=\"_blank\"\n\t\t\t\t\t\t\t\t\t\trel=\"noopener noreferrer nofollow noindex\"\n\t\t\t\t\t\t\t\t\t>\n\t\t\t\t\t\t\t\t\t\tOutlook 365\t\t\t\t\t\t\t\t\t<\/a>\n\t\t\t\t\t\t\t\t<\/li>\n\t\t\t\t\t\t\t\t\t\t\t\t\t\t\t<li class=\"tribe-events-c-subscribe-dropdown__list-item tribe-events-c-subscribe-dropdown__list-item--outlook-live\">\n\t\t\t\t\t\t\t\t\t<a\n\t\t\t\t\t\t\t\t\t\thref=\"\"\n\t\t\t\t\t\t\t\t\t\tclass=\"tribe-events-c-subscribe-dropdown__list-item-link\"\n\t\t\t\t\t\t\t\t\t\ttarget=\"_blank\"\n\t\t\t\t\t\t\t\t\t\trel=\"noopener noreferrer nofollow noindex\"\n\t\t\t\t\t\t\t\t\t>\n\t\t\t\t\t\t\t\t\t\tOutlook Live\t\t\t\t\t\t\t\t\t<\/a>\n\t\t\t\t\t\t\t\t<\/li>\n\t\t\t\t\t\t\t\t\t\t\t\t\t<\/ul>\n\t\t\t\t\t<\/div>\n\t\t\t\t<\/div>\n\t\t\t<\/div>\n\t\t<\/div>\n\t<\/div>\n\n","protected":false},"excerpt":{"rendered":"<p>Endlich ist es wieder so weit: am 26. und 27. August erwacht das Mittelalter in Manderscheid zum Leben. Das gro\u00dfe&hellip;<\/p>\n","protected":false},"author":4,"featured_media":0,"template":"","meta":{"ngg_post_thumbnail":0,"_EventAllDay":false,"_EventTimezone":"","_EventStartDate":"2023-08-26 10:00:00","_EventEndDate":"2023-08-27 21:00:00","_EventStartDateUTC":"2023-08-26 10:00:00","_EventEndDateUTC":"2023-08-27 21:00:00","_EventShowMap":false,"_EventShowMapLink":false,"_EventURL":"","_EventCost":"","_EventCostDescription":"","_EventCurrencySymbol":"","_EventCurrencyCode":"","_EventCurrencyPosition":"","_EventDateTimeSeparator":"","_EventTimeRangeSeparator":"","_EventOrganizerID":[],"_EventVenueID":[0],"_OrganizerEmail":"","_OrganizerPhone":"","_OrganizerWebsite":"","_VenueAddress":"","_VenueCity":"","_VenueCountry":"","_VenueProvince":"","_VenueState":"","_VenueZip":"","_VenuePhone":"","_VenueURL":"","_VenueStateProvince":"","_VenueLat":"","_VenueLng":"","_VenueShowMap":false,"_VenueShowMapLink":false,"_tribe_events_status":"","_tribe_events_status_reason":"","footnotes":""},"tags":[],"tribe_events_cat":[],"class_list":["post-716","tribe_events","type-tribe_events","status-publish","hentry"],"jetpack_sharing_enabled":true,"_links":{"self":[{"href":"https:\/\/burgen-manderscheid.de\/index.php?rest_route=\/wp\/v2\/tribe_events\/716","targetHints":{"allow":["GET"]}}],"collection":[{"href":"https:\/\/burgen-manderscheid.de\/index.php?rest_route=\/wp\/v2\/tribe_events"}],"about":[{"href":"https:\/\/burgen-manderscheid.de\/index.php?rest_route=\/wp\/v2\/types\/tribe_events"}],"author":[{"embeddable":true,"href":"https:\/\/burgen-manderscheid.de\/index.php?rest_route=\/wp\/v2\/users\/4"}],"version-history":[{"count":5,"href":"https:\/\/burgen-manderscheid.de\/index.php?rest_route=\/wp\/v2\/tribe_events\/716\/revisions"}],"predecessor-version":[{"id":751,"href":"https:\/\/burgen-manderscheid.de\/index.php?rest_route=\/wp\/v2\/tribe_events\/716\/revisions\/751"}],"wp:attachment":[{"href":"https:\/\/burgen-manderscheid.de\/index.php?rest_route=%2Fwp%2Fv2%2Fmedia&parent=716"}],"wp:term":[{"taxonomy":"post_tag","embeddable":true,"href":"https:\/\/burgen-manderscheid.de\/index.php?rest_route=%2Fwp%2Fv2%2Ftags&post=716"},{"taxonomy":"tribe_events_cat","embeddable":true,"href":"https:\/\/burgen-manderscheid.de\/index.php?rest_route=%2Fwp%2Fv2%2Ftribe_events_cat&post=716"}],"curies":[{"name":"wp","href":"https:\/\/api.w.org\/{rel}","templated":true}]}}